{"id":550,"date":"2025-06-11T10:25:44","date_gmt":"2025-06-11T10:25:44","guid":{"rendered":"https:\/\/ortakmusavir.com\/?page_id=550"},"modified":"2025-06-11T10:52:17","modified_gmt":"2025-06-11T10:52:17","slug":"kvkk-aydinlatma-metni","status":"publish","type":"page","link":"https:\/\/ortakmusavir.com\/en\/kvkk-aydinlatma-metni","title":{"rendered":"KVKK Ayd\u0131nlatma Metni"},"content":{"rendered":"<p>Ki\u015fisel Verilerin \u0130\u015flenmesine \u0130li\u015fkin Ayd\u0131nlatma Metni<\/p>\n<p>Ki\u015fisel Veri Talep Etme Amac\u0131m\u0131z<\/p>\n<p>Web sitemize eri\u015fim esnas\u0131nda baz\u0131 men\u00fclerde i\u015flem yap\u0131labilmesi i\u00e7in taraf\u0131n\u0131zdan bir tak\u0131m ki\u015fisel verilerinizi sisteme girmeniz istenmektedir. Bu verilerin sizden talep edilme amac\u0131, Merkezimize dan\u0131\u015ft\u0131\u011f\u0131n\u0131z hususlar konusunda taraf\u0131n\u0131za d\u00f6n\u00fc\u015f yapabilmektir.<\/p>\n<p>Bu kapsamda taraf\u0131n\u0131zdan istedi\u011fimiz ki\u015fisel veriler \u015funlard\u0131r:<\/p>\n<p>    \u0130leti\u015fim formu i\u00e7in: Ad\u0131n\u0131z, soyad\u0131n\u0131z, e-posta adresiniz.<\/p>\n<p>Ki\u015fisel Verilerinizin Korunma Esaslar\u0131 ve Payla\u015f\u0131lma S\u0131n\u0131rlar\u0131<\/p>\n<p>Taraf\u0131n\u0131zdan talep edilen s\u0131n\u0131rl\u0131 say\u0131daki ki\u015fisel veriler, Ki\u015fisel Verilerin Otomatik \u0130\u015fleme Tabi Tutulmas\u0131 Kar\u015f\u0131s\u0131nda Bireylerin Korunmas\u0131 S\u00f6zle\u015fmesi (108 Say\u0131l\u0131 Avrupa Konseyi S\u00f6zle\u015fmesi), Avrupa \u0130nsan Haklar\u0131 S\u00f6zle\u015fmesinin 8. Maddesi, Anayasa\u2019n\u0131n 20. Maddesi, 6698 say\u0131l\u0131 Ki\u015fisel Verilerin Korunmas\u0131 Kanunu h\u00fck\u00fcmleri ile veri koruma politikam\u0131z \u00e7er\u00e7evesinde kullan\u0131lacak, korunacak ve i\u015flenmesi gereken sebeplerin ortadan kalkmas\u0131 halinde silinecektir. Bu kapsamda verileriniz edindi\u011fimiz tarihten itibaren 10 y\u0131l s\u00fcrelerle saklanacak, s\u00fcre bitiminde taraf\u0131m\u0131zca imha edilecektir.<\/p>\n<p>Edindi\u011fimiz ki\u015fisel verilerinizin iletilmesi y\u00f6n\u00fcnde kamu kurumlar\u0131ndan, adli mercilerden ve di\u011fer resmi makamlardan gelen talepler;<\/p>\n<p>    Talebin 108 say\u0131l\u0131 S\u00f6zle\u015fmeye ve Avrupa \u0130nsan Haklar\u0131 S\u00f6zle\u015fmesinin 8. Maddesine uygunlu\u011fu,<br \/>\n    Kanuni a\u00e7\u0131k bir zorunlulu\u011fa dayan\u0131p dayanmad\u0131\u011f\u0131,<br \/>\n    Demokratik bir toplumda gerekli olma ko\u015fullar\u0131n\u0131 ta\u015f\u0131y\u0131p ta\u015f\u0131mad\u0131\u011f\u0131,<br \/>\n    Talebin amac\u0131n\u0131n hukuka uygun ve me\u015fru olup olmad\u0131\u011f\u0131, bunun somut bi\u00e7imde ortaya konup konamad\u0131\u011f\u0131, talep edilen veriler ile ula\u015f\u0131lmak istenen amac\u0131n \u00f6rt\u00fc\u015f\u00fcp \u00f6rt\u00fc\u015fmedi\u011fi, belirtilen amaca ula\u015fman\u0131n tek yolunun taraf\u0131n\u0131za ait verilerin anonimle\u015ftirilmeden iletilmesi olup olmad\u0131\u011f\u0131,<\/p>\n<p>Unsurlar\u0131 y\u00f6n\u00fcnden de\u011ferlendirilecek, bu unsurlar\u0131n tamam\u0131n\u0131 sa\u011flamayan veri iletme talepleri yerine getirilmeyecektir.  Say\u0131lan unsurlar\u0131n tamam\u0131n\u0131 ta\u015f\u0131yan bir veri talebi kar\u015f\u0131s\u0131nda, taraf\u0131n\u0131za ait verilerin iletilmesi zorunlulu\u011fu do\u011fabilecektir.<\/p>\n<p>Bunun d\u0131\u015f\u0131nda edinilen verileriniz, taraf\u0131n\u0131z\u0131n a\u00e7\u0131k r\u0131zas\u0131 olmaks\u0131z\u0131n 3. ger\u00e7ek ve t\u00fczel ki\u015filerle\/kurumlarla payla\u015f\u0131lmayacak ve aktar\u0131lmayacak, bu verilere taraf\u0131m\u0131zdan talep etti\u011finiz hizmeti yerine getirebilmek i\u00e7in zorunlu olan hallerle s\u0131n\u0131rl\u0131 olmak \u00fczere ilgili \u00e7al\u0131\u015fanlar\u0131m\u0131z ula\u015fabilecektir. E\u011fer talep etti\u011finiz hizmetin sunulabilmesi verinizin yurt d\u0131\u015f\u0131na aktar\u0131lmas\u0131n\u0131 gerektiriyor ise, taraf\u0131n\u0131zdan a\u00e7\u0131k r\u0131za al\u0131nacakt\u0131r.<\/p>\n<p>Haklar\u0131n\u0131z<\/p>\n<p>Verilerinize ili\u015fkin, ba\u015fta Ki\u015fisel Verilerin Otomatik \u0130\u015fleme Tabi Tutulmas\u0131 Kar\u015f\u0131s\u0131nda Bireylerin Korunmas\u0131 S\u00f6zle\u015fmesi (108 Say\u0131l\u0131 Avrupa Konseyi S\u00f6zle\u015fmesi), Avrupa \u0130nsan Haklar\u0131 S\u00f6zle\u015fmesinin 8. Maddesi, Anayasa\u2019n\u0131n 20. Maddesi, 6698 say\u0131l\u0131 Ki\u015fisel Verilerin Korunmas\u0131 Kanunu uyar\u0131nca:<\/p>\n<p>    Ki\u015fisel verilerinizin i\u015flenip i\u015flenmedi\u011fini, i\u015flenen verilerinizin kapsam\u0131n\u0131 \u00f6\u011frenme,<br \/>\n    Ki\u015fisel verileriniz i\u015flenmi\u015fse buna ili\u015fkin bilgi alma, bu verilere eri\u015fme ve bunlardan \u00f6rnek alma,<br \/>\n    Ki\u015fisel verilerinizin i\u015flenme amac\u0131n\u0131 ve bunlar\u0131n amac\u0131na uygun kullan\u0131l\u0131p kullan\u0131lmad\u0131\u011f\u0131n\u0131, Yurt i\u00e7inde veya yurt d\u0131\u015f\u0131nda 3. bir ki\u015fiye ya da kuruma aktar\u0131l\u0131p aktar\u0131lmad\u0131\u011f\u0131n\u0131 \u00f6\u011frenme, ki\u015fisel verilerinizde meydana gelen de\u011fi\u015fikliklerin verilerin payla\u015f\u0131ld\u0131\u011f\u0131 ki\u015fi ya da kurumlara bildirilmesini isteme,<br \/>\n    Ki\u015fisel verilerinizin eksik veya yanl\u0131\u015f i\u015flenmi\u015f olmas\u0131 h\u00e2linde bunlar\u0131n d\u00fczeltilmesini, silinmesini, anonim hale getirilmesini, imha edilmesini isteme haklar\u0131n\u0131z\u0131n oldu\u011funu,<br \/>\n    Ki\u015fisel verilerinizin eksik veya yanl\u0131\u015f i\u015flenmi\u015f olmas\u0131 h\u00e2linde bunlar\u0131n d\u00fczeltilmesini, silinmesini, anonim hale getirilmesini, imha edilmesini isteme haklar\u0131n\u0131z\u0131n oldu\u011funu,<br \/>\n    Bu hakk\u0131n\u0131z\u0131 1362 Sokak No:30\/303 \u0130smet Kaptan Mahallesi Konak \u0130zmir adresimize bizzat ya da yaz\u0131l\u0131 \u015fekilde ba\u015fvurmak suretiyle kullan\u0131labilece\u011finizi ya da info@ortakmusavir.com adresimize mail atarak kullanabilece\u011finizi \u00f6nemle hat\u0131rlat\u0131r\u0131z.<\/p>\n<p>KVKK Ba\u015fvuru Formumuzu indirmek i\u00e7in t\u0131klay\u0131n\u0131z.<\/p>\n","protected":false},"excerpt":{"rendered":"<p>Ki\u015fisel Verilerin \u0130\u015flenmesine \u0130li\u015fkin Ayd\u0131nlatma Metni Ki\u015fisel Veri Talep Etme Amac\u0131m\u0131z Web sitemize eri\u015fim esnas\u0131nda baz\u0131 men\u00fclerde i\u015flem yap\u0131labilmesi i\u00e7in taraf\u0131n\u0131zdan bir tak\u0131m ki\u015fisel verilerinizi sisteme girmeniz istenmektedir. Bu verilerin sizden talep edilme amac\u0131, Merkezimize dan\u0131\u015ft\u0131\u011f\u0131n\u0131z hususlar konusunda taraf\u0131n\u0131za d\u00f6n\u00fc\u015f yapabilmektir. Bu kapsamda taraf\u0131n\u0131zdan istedi\u011fimiz ki\u015fisel veriler \u015funlard\u0131r: \u0130leti\u015fim formu i\u00e7in: Ad\u0131n\u0131z, soyad\u0131n\u0131z, e-posta adresiniz. [&hellip;]<\/p>\n","protected":false},"author":1,"featured_media":0,"parent":0,"menu_order":0,"comment_status":"closed","ping_status":"closed","template":"","meta":{"_acf_changed":false,"footnotes":""},"class_list":["post-550","page","type-page","status-publish","hentry"],"acf":[],"_links":{"self":[{"href":"https:\/\/ortakmusavir.com\/en\/wp-json\/wp\/v2\/pages\/550","targetHints":{"allow":["GET"]}}],"collection":[{"href":"https:\/\/ortakmusavir.com\/en\/wp-json\/wp\/v2\/pages"}],"about":[{"href":"https:\/\/ortakmusavir.com\/en\/wp-json\/wp\/v2\/types\/page"}],"author":[{"embeddable":true,"href":"https:\/\/ortakmusavir.com\/en\/wp-json\/wp\/v2\/users\/1"}],"replies":[{"embeddable":true,"href":"https:\/\/ortakmusavir.com\/en\/wp-json\/wp\/v2\/comments?post=550"}],"version-history":[{"count":4,"href":"https:\/\/ortakmusavir.com\/en\/wp-json\/wp\/v2\/pages\/550\/revisions"}],"predecessor-version":[{"id":554,"href":"https:\/\/ortakmusavir.com\/en\/wp-json\/wp\/v2\/pages\/550\/revisions\/554"}],"wp:attachment":[{"href":"https:\/\/ortakmusavir.com\/en\/wp-json\/wp\/v2\/media?parent=550"}],"curies":[{"name":"wp","href":"https:\/\/api.w.org\/{rel}","templated":true}]}}